{"id":1856,"date":"2023-02-27T20:22:23","date_gmt":"2023-02-27T19:22:23","guid":{"rendered":"https:\/\/diasporasolidaria.org\/?page_id=1856"},"modified":"2023-02-28T17:57:17","modified_gmt":"2023-02-28T16:57:17","slug":"noticias","status":"publish","type":"page","link":"https:\/\/diasporasolidaria.org\/nl\/noticias\/","title":{"rendered":"Noticias"},"content":{"rendered":"<div class=\"boldgrid-section\">\n<div class=\"container\">\n<div class=\"row\">\n<div class=\"col-lg-12 col-md-12 col-xs-12 col-sm-12\">\n<h3 style=\"text-align: center;\"><strong>Exposici\u00f3n de arte textil \u201cMujeres trabajando por la paz\u201d.<\/strong><\/h3>\n<p class=\"\"><span style=\"font-weight: 400;\">El Centro cultural <span style=\"color: #470757;\">Het Wijkcentrum d&#8217;Oude Stadt<\/span> nos ha invitado a formar parte de su exposici\u00f3n textil <\/span><span style=\"color: #470757;\"><b>\u201cMujeres trabajando por la paz\u201d,<\/b><\/span><span style=\"font-weight: 400;\"> con el relato textil \u201c<\/span><b><i>J<span style=\"color: #470757;\">usticia, Dignidad y Paz\u201d(1)<\/span><\/i><\/b><span style=\"font-weight: 400;\">, que un grupo de chilenas y chilenos tejimos colectivamente, el 07 de diciembre de 2019, en Casa Migrante Amsterdam, manifest\u00e1ndonos por la restituci\u00f3n del Estado de Derecho, tras conocerse las graves violaciones a los Derechos Humanos que estaban cometiendo agentes del Estado Chileno, contra la poblaci\u00f3n, durante el Estallido Social de octubre de ese a\u00f1o y los meses que le siguieron, que dej\u00f3 decenas de muertos, cientos de v\u00edctimas de la violencia estatal y sexual, m\u00e1s de 500 personas con heridas oculares irreversibles, y cientos de encarcelamientos de personas manifestantes.<\/span><\/p>\n<p class=\"\"><span style=\"font-weight: 400;\">Esta exposici\u00f3n tambi\u00e9n contar\u00e1 con algunos trabajos textiles que hemos continuado haciendo en los <\/span><a href=\"https:\/\/diasporasolidaria.org\/category\/talleres\/\"><i><span style=\"font-weight: 400;\">encuentros de arpilleras<\/span><\/i><\/a><span style=\"font-weight: 400;\"> organizados por nuestra Fundaci\u00f3n, con los que promovemos la asociatividad, la integraci\u00f3n y la creatividad de mujeres y disidencias Latinoamericanas e Hispanohablantes, en Pa\u00edses Bajos.&nbsp;<\/span><\/p>\n<p class=\"\"><span style=\"font-weight: 400;\">\u00bfD\u00f3nde verla? En <\/span><b><span style=\"color: #5e045e;\">Het Wijkcentrum d&#8217;Oude Stadt<\/span>,<\/b><span style=\"font-weight: 400;\"> Kerkstraat 123, 1017 GE Amsterdam.<\/span><\/p>\n<p class=\"\"><span style=\"font-weight: 400;\">\u00bfCu\u00e1ndo?&nbsp; Desde el<span style=\"color: #470757;\"><strong> 6 de marzo<\/strong><\/span> hasta el <span style=\"color: #470757;\"><strong>27 de mayo de 2023<\/strong><\/span>.&nbsp; <\/span><span style=\"font-weight: 400;\"><span style=\"color: #470757;\">Acceso gratuito<\/span>.<\/span><\/p>\n<p class=\"\"><span style=\"font-weight: 400;\">La exposici\u00f3n organizada por el centro cultural Het Wijkcentrum d&#8217;Oude Stadt, cuenta tambi\u00e9n con la colaboraci\u00f3n de Casa Migrante Amsterdam.&nbsp;<\/span><\/p>\n<p class=\"\">M\u00e1s informaci\u00f3n sobre la exposici\u00f3n disponible en el siguiente enlace: <a href=\"https:\/\/diasporasolidaria.org\/wp-content\/uploads\/2023\/02\/Binnenkrant-101-lente-2023.pdf\">Binnenkrant 101 lente 2023<\/a>.<\/p>\n<div class=\"wc-gallery\"><div id='gallery-1' data-gutter-width='11' data-columns='3' class='gallery wc-gallery-captions-onhover gallery-link-post gallery-masonry galleryid-1856 gallery-columns-3 gallery-size-large wc-gallery-bottomspace-default wc-gallery-clear'><div class='gallery-item gallery-item-position-1 gallery-item-attachment-1884'>\n\t\t\t\t<div class='gallery-icon portrait'>\n\t\t\t\t\t<a href='https:\/\/diasporasolidaria.org\/nl\/exposicion-de-arte-textil-mujeres-trabajando-por-la-paz\/screen-shot-2023-02-28-at-16-45-02\/' title='Screen Shot 2023-02-28 at 16.45.02' target='_self'><img loading=\"lazy\" decoding=\"async\" width=\"608\" height=\"876\" src=\"https:\/\/diasporasolidaria.org\/wp-content\/uploads\/2023\/02\/Screen-Shot-2023-02-28-at-16.45.02.png\" class=\"attachment-large size-large\" alt=\"\" data-attachment-id=\"1884\" srcset=\"https:\/\/diasporasolidaria.org\/wp-content\/uploads\/2023\/02\/Screen-Shot-2023-02-28-at-16.45.02.png 608w, https:\/\/diasporasolidaria.org\/wp-content\/uploads\/2023\/02\/Screen-Shot-2023-02-28-at-16.45.02-208x300.png 208w, https:\/\/diasporasolidaria.org\/wp-content\/uploads\/2023\/02\/Screen-Shot-2023-02-28-at-16.45.02-250x360.png 250w, https:\/\/diasporasolidaria.org\/wp-content\/uploads\/2023\/02\/Screen-Shot-2023-02-28-at-16.45.02-550x792.png 550w, https:\/\/diasporasolidaria.org\/wp-content\/uploads\/2023\/02\/Screen-Shot-2023-02-28-at-16.45.02-125x180.png 125w, https:\/\/diasporasolidaria.org\/wp-content\/uploads\/2023\/02\/Screen-Shot-2023-02-28-at-16.45.02-347x500.png 347w\" sizes=\"auto, (max-width: 608px) 100vw, 608px\" \/><\/a>\n\t\t\t\t<\/div>\n\t\t\t\t\t<div class='wp-caption-text gallery-caption'>\n\t\t\t\t\t\t<p>\n\t\t\t\t\t\tBinnenkrant Lente 2023, p\u00e1gina 9 \n\t\t\t\t\t\t<\/p>\n\t\t\t\t\t<\/div><\/div><div class='gallery-item gallery-item-position-2 gallery-item-attachment-1885'>\n\t\t\t\t<div class='gallery-icon portrait'>\n\t\t\t\t\t<a href='https:\/\/diasporasolidaria.org\/nl\/exposicion-de-arte-textil-mujeres-trabajando-por-la-paz\/screen-shot-2023-02-28-at-16-43-55\/' title='Screen Shot 2023-02-28 at 16.43.55' target='_self'><img loading=\"lazy\" decoding=\"async\" width=\"478\" height=\"599\" src=\"https:\/\/diasporasolidaria.org\/wp-content\/uploads\/2023\/02\/Screen-Shot-2023-02-28-at-16.43.55.png\" class=\"attachment-large size-large\" alt=\"\" data-attachment-id=\"1885\" srcset=\"https:\/\/diasporasolidaria.org\/wp-content\/uploads\/2023\/02\/Screen-Shot-2023-02-28-at-16.43.55.png 478w, https:\/\/diasporasolidaria.org\/wp-content\/uploads\/2023\/02\/Screen-Shot-2023-02-28-at-16.43.55-239x300.png 239w, https:\/\/diasporasolidaria.org\/wp-content\/uploads\/2023\/02\/Screen-Shot-2023-02-28-at-16.43.55-250x313.png 250w, https:\/\/diasporasolidaria.org\/wp-content\/uploads\/2023\/02\/Screen-Shot-2023-02-28-at-16.43.55-144x180.png 144w, https:\/\/diasporasolidaria.org\/wp-content\/uploads\/2023\/02\/Screen-Shot-2023-02-28-at-16.43.55-399x500.png 399w\" sizes=\"auto, (max-width: 478px) 100vw, 478px\" \/><\/a>\n\t\t\t\t<\/div><\/div><div class='gallery-item gallery-item-position-3 gallery-item-attachment-1886'>\n\t\t\t\t<div class='gallery-icon portrait'>\n\t\t\t\t\t<a href='https:\/\/diasporasolidaria.org\/nl\/exposicion-de-arte-textil-mujeres-trabajando-por-la-paz\/screen-shot-2023-02-28-at-16-44-14\/' title='Screen Shot 2023-02-28 at 16.44.14' target='_self'><img loading=\"lazy\" decoding=\"async\" width=\"480\" height=\"675\" src=\"https:\/\/diasporasolidaria.org\/wp-content\/uploads\/2023\/02\/Screen-Shot-2023-02-28-at-16.44.14.png\" class=\"attachment-large size-large\" alt=\"\" data-attachment-id=\"1886\" srcset=\"https:\/\/diasporasolidaria.org\/wp-content\/uploads\/2023\/02\/Screen-Shot-2023-02-28-at-16.44.14.png 480w, https:\/\/diasporasolidaria.org\/wp-content\/uploads\/2023\/02\/Screen-Shot-2023-02-28-at-16.44.14-213x300.png 213w, https:\/\/diasporasolidaria.org\/wp-content\/uploads\/2023\/02\/Screen-Shot-2023-02-28-at-16.44.14-250x352.png 250w, https:\/\/diasporasolidaria.org\/wp-content\/uploads\/2023\/02\/Screen-Shot-2023-02-28-at-16.44.14-128x180.png 128w, https:\/\/diasporasolidaria.org\/wp-content\/uploads\/2023\/02\/Screen-Shot-2023-02-28-at-16.44.14-356x500.png 356w\" sizes=\"auto, (max-width: 480px) 100vw, 480px\" \/><\/a>\n\t\t\t\t<\/div><\/div><\/div>\n<\/div>\n<div class=\"wc-gallery\"><div id='gallery-2' data-gutter-width='5' data-columns='3' class='gallery wc-gallery-captions-onhover gallery-link-post gallery-masonry galleryid-1856 gallery-columns-3 gallery-size-large wc-gallery-bottomspace-default wc-gallery-clear'><div class='gallery-item gallery-item-position-1 gallery-item-attachment-1888'>\n\t\t\t\t<div class='gallery-icon landscape'>\n\t\t\t\t\t<a href='https:\/\/diasporasolidaria.org\/nl\/exposicion-de-arte-textil-mujeres-trabajando-por-la-paz\/img_3437\/' title='IMG_3437' target='_self'><img loading=\"lazy\" decoding=\"async\" width=\"1024\" height=\"683\" src=\"https:\/\/diasporasolidaria.org\/wp-content\/uploads\/2023\/02\/IMG_3437-1024x683.jpg\" class=\"attachment-large size-large\" alt=\"\" data-attachment-id=\"1888\" srcset=\"https:\/\/diasporasolidaria.org\/wp-content\/uploads\/2023\/02\/IMG_3437-1024x683.jpg 1024w, https:\/\/diasporasolidaria.org\/wp-content\/uploads\/2023\/02\/IMG_3437-300x200.jpg 300w, https:\/\/diasporasolidaria.org\/wp-content\/uploads\/2023\/02\/IMG_3437-768x512.jpg 768w, https:\/\/diasporasolidaria.org\/wp-content\/uploads\/2023\/02\/IMG_3437-1536x1024.jpg 1536w, https:\/\/diasporasolidaria.org\/wp-content\/uploads\/2023\/02\/IMG_3437-250x167.jpg 250w, https:\/\/diasporasolidaria.org\/wp-content\/uploads\/2023\/02\/IMG_3437-550x367.jpg 550w, https:\/\/diasporasolidaria.org\/wp-content\/uploads\/2023\/02\/IMG_3437-800x533.jpg 800w, https:\/\/diasporasolidaria.org\/wp-content\/uploads\/2023\/02\/IMG_3437-270x180.jpg 270w, https:\/\/diasporasolidaria.org\/wp-content\/uploads\/2023\/02\/IMG_3437-450x300.jpg 450w, https:\/\/diasporasolidaria.org\/wp-content\/uploads\/2023\/02\/IMG_3437-750x500.jpg 750w, https:\/\/diasporasolidaria.org\/wp-content\/uploads\/2023\/02\/IMG_3437.jpg 2048w\" sizes=\"auto, (max-width: 1024px) 100vw, 1024px\" \/><\/a>\n\t\t\t\t<\/div><\/div><div class='gallery-item gallery-item-position-2 gallery-item-attachment-1887'>\n\t\t\t\t<div class='gallery-icon landscape'>\n\t\t\t\t\t<a href='https:\/\/diasporasolidaria.org\/nl\/exposicion-de-arte-textil-mujeres-trabajando-por-la-paz\/img_3436\/' title='IMG_3436' target='_self'><img loading=\"lazy\" decoding=\"async\" width=\"1024\" height=\"683\" src=\"https:\/\/diasporasolidaria.org\/wp-content\/uploads\/2023\/02\/IMG_3436-1024x683.jpg\" class=\"attachment-large size-large\" alt=\"\" data-attachment-id=\"1887\" srcset=\"https:\/\/diasporasolidaria.org\/wp-content\/uploads\/2023\/02\/IMG_3436-1024x683.jpg 1024w, https:\/\/diasporasolidaria.org\/wp-content\/uploads\/2023\/02\/IMG_3436-300x200.jpg 300w, https:\/\/diasporasolidaria.org\/wp-content\/uploads\/2023\/02\/IMG_3436-768x512.jpg 768w, https:\/\/diasporasolidaria.org\/wp-content\/uploads\/2023\/02\/IMG_3436-1536x1024.jpg 1536w, https:\/\/diasporasolidaria.org\/wp-content\/uploads\/2023\/02\/IMG_3436-250x167.jpg 250w, https:\/\/diasporasolidaria.org\/wp-content\/uploads\/2023\/02\/IMG_3436-550x367.jpg 550w, https:\/\/diasporasolidaria.org\/wp-content\/uploads\/2023\/02\/IMG_3436-800x533.jpg 800w, https:\/\/diasporasolidaria.org\/wp-content\/uploads\/2023\/02\/IMG_3436-270x180.jpg 270w, https:\/\/diasporasolidaria.org\/wp-content\/uploads\/2023\/02\/IMG_3436-450x300.jpg 450w, https:\/\/diasporasolidaria.org\/wp-content\/uploads\/2023\/02\/IMG_3436-750x500.jpg 750w, https:\/\/diasporasolidaria.org\/wp-content\/uploads\/2023\/02\/IMG_3436.jpg 2048w\" sizes=\"auto, (max-width: 1024px) 100vw, 1024px\" \/><\/a>\n\t\t\t\t<\/div><\/div><div class='gallery-item gallery-item-position-3 gallery-item-attachment-1891'>\n\t\t\t\t<div class='gallery-icon landscape'>\n\t\t\t\t\t<a href='https:\/\/diasporasolidaria.org\/nl\/exposicion-de-arte-textil-mujeres-trabajando-por-la-paz\/3-2\/' title='3' target='_self'><img loading=\"lazy\" decoding=\"async\" width=\"1024\" height=\"682\" src=\"https:\/\/diasporasolidaria.org\/wp-content\/uploads\/2023\/02\/3-1024x682.jpg\" class=\"attachment-large size-large\" alt=\"\" data-attachment-id=\"1891\" srcset=\"https:\/\/diasporasolidaria.org\/wp-content\/uploads\/2023\/02\/3-1024x682.jpg 1024w, https:\/\/diasporasolidaria.org\/wp-content\/uploads\/2023\/02\/3-300x200.jpg 300w, https:\/\/diasporasolidaria.org\/wp-content\/uploads\/2023\/02\/3-768x512.jpg 768w, https:\/\/diasporasolidaria.org\/wp-content\/uploads\/2023\/02\/3-1536x1023.jpg 1536w, https:\/\/diasporasolidaria.org\/wp-content\/uploads\/2023\/02\/3-250x167.jpg 250w, https:\/\/diasporasolidaria.org\/wp-content\/uploads\/2023\/02\/3-550x366.jpg 550w, https:\/\/diasporasolidaria.org\/wp-content\/uploads\/2023\/02\/3-800x533.jpg 800w, https:\/\/diasporasolidaria.org\/wp-content\/uploads\/2023\/02\/3-270x180.jpg 270w, https:\/\/diasporasolidaria.org\/wp-content\/uploads\/2023\/02\/3-450x300.jpg 450w, https:\/\/diasporasolidaria.org\/wp-content\/uploads\/2023\/02\/3-750x500.jpg 750w, https:\/\/diasporasolidaria.org\/wp-content\/uploads\/2023\/02\/3.jpg 1600w\" sizes=\"auto, (max-width: 1024px) 100vw, 1024px\" \/><\/a>\n\t\t\t\t<\/div><\/div><\/div>\n<\/div>\n<p class=\"\"><img loading=\"lazy\" decoding=\"async\" class=\" wp-image-1889 aligncenter\" src=\"https:\/\/diasporasolidaria.org\/wp-content\/uploads\/2023\/02\/IMG_0211-2-300x225.jpg\" alt=\"\" width=\"493\" height=\"370\" srcset=\"https:\/\/diasporasolidaria.org\/wp-content\/uploads\/2023\/02\/IMG_0211-2-300x225.jpg 300w, https:\/\/diasporasolidaria.org\/wp-content\/uploads\/2023\/02\/IMG_0211-2-1024x768.jpg 1024w, https:\/\/diasporasolidaria.org\/wp-content\/uploads\/2023\/02\/IMG_0211-2-768x576.jpg 768w, https:\/\/diasporasolidaria.org\/wp-content\/uploads\/2023\/02\/IMG_0211-2-1536x1152.jpg 1536w, https:\/\/diasporasolidaria.org\/wp-content\/uploads\/2023\/02\/IMG_0211-2-2048x1536.jpg 2048w, https:\/\/diasporasolidaria.org\/wp-content\/uploads\/2023\/02\/IMG_0211-2-250x188.jpg 250w, https:\/\/diasporasolidaria.org\/wp-content\/uploads\/2023\/02\/IMG_0211-2-550x413.jpg 550w, https:\/\/diasporasolidaria.org\/wp-content\/uploads\/2023\/02\/IMG_0211-2-800x600.jpg 800w, https:\/\/diasporasolidaria.org\/wp-content\/uploads\/2023\/02\/IMG_0211-2-240x180.jpg 240w, https:\/\/diasporasolidaria.org\/wp-content\/uploads\/2023\/02\/IMG_0211-2-400x300.jpg 400w, https:\/\/diasporasolidaria.org\/wp-content\/uploads\/2023\/02\/IMG_0211-2-667x500.jpg 667w\" sizes=\"auto, (max-width: 493px) 100vw, 493px\" \/><\/p>\n<p class=\"\"><span style=\"font-weight: 400;\">M\u00e1s informaci\u00f3n sobre esta exposici\u00f3n, <a href=\"https:\/\/diasporasolidaria.org\/exposicion-de-arte-textil-mujeres-trabajando-por-la-paz\/\">aqu\u00ed.<\/a><\/span><\/p>\n<p class=\"\"><strong>English version<\/strong><\/p>\n<h4 class=\"\"><strong>Textil art exhibition &#8220;Women working for peace&#8221;.&nbsp;<\/strong><\/h4>\n<p class=\"\"><span style=\"font-weight: 400;\">The cultural centre <span style=\"color: #470757;\">Het Wijkcentrum d&#8217;Oude Stadt<\/span> has invited us to be part of their textile exhibition <span style=\"color: #470757;\">&#8220;Women working for peace&#8221;<\/span>, with the textile work &#8220;<span style=\"color: #470757;\">Justice, Dignity and Peace&#8221;<\/span>(1), that a group of Chilean women and men weaved collectively, in December 2019, in Casa Migrante Amsterdam, demonstrating for the restitution of the rule of law, after knowing of the serious human rights violations committed by agents of the Chilean State against the population during the Social Outbreak of October of that year and the months that followed, which left dozens of people dead, hundreds of victims of state and sexual violence, more than 500 people with irreversible eye injuries, and hundreds of imprisonments of protesters.<\/span><\/p>\n<p class=\"\"><span style=\"font-weight: 400;\">This art exhibition will also include some of the textile works that we have continued to make in the <a href=\"https:\/\/diasporasolidaria.org\/encuentro-textil-arpilleras-latinoamericanas-relatos-textiles-contra-la-violencia-patriarcal\/\">Arpilleras Workshops<\/a> organised by our Foundation, with which we promote the associativity, integration and creativity of Latin American and Spanish-speaking women and dissidents in the Netherlands.&nbsp;<\/span><\/p>\n<p class=\"\"><span style=\"font-weight: 400;\">Where to see it? At Het Wijkcentrum d&#8217;Oude Stadt, Kerkstraat 123, 1017 GE Amsterdam.<\/span><\/p>\n<p class=\"\"><span style=\"font-weight: 400;\">When will it take place?&nbsp; From March 6 to May 27, 2023.&nbsp;<\/span><span style=\"font-weight: 400;\">Free admission.<\/span><\/p>\n<p class=\"\"><span style=\"font-weight: 400;\">The exhibition is organised by the cultural centre Het Wijkcentrum d&#8217;Oude Stadt, in collaboration with Casa Migrante Amsterdam.<\/span><\/p>\n<p class=\"\">(1) More information on this textile work, <a href=\"https:\/\/diasporasolidaria.org\/exposicion-de-arte-textil-mujeres-trabajando-por-la-paz\/\">available here!<\/a><\/p>\n<\/div>\n<\/div>\n<\/div>\n<\/div>\n","protected":false},"excerpt":{"rendered":"<p>Exposici\u00f3n de arte textil \u201cMujeres trabajando por la paz\u201d. El Centro cultural Het Wijkcentrum d&#8217;Oude Stadt nos ha invitado a formar parte de su exposici\u00f3n textil \u201cMujeres trabajando por la paz\u201d, con el relato textil \u201cJusticia, Dignidad y Paz\u201d(1), que un grupo de chilenas y chilenos tejimos colectivamente, el 07 de diciembre de 2019, en [&hellip;]<\/p>\n","protected":false},"author":5,"featured_media":0,"parent":0,"menu_order":2,"comment_status":"closed","ping_status":"closed","template":"","meta":{"bgseo_title":"","bgseo_description":"","bgseo_robots_index":"index","bgseo_robots_follow":"follow","footnotes":""},"class_list":["post-1856","page","type-page","status-publish"],"translation":{"provider":"WPGlobus","version":"3.0.0","language":"nl","enabled_languages":["es","en","nl"],"languages":{"es":{"title":true,"content":true,"excerpt":false},"en":{"title":false,"content":false,"excerpt":false},"nl":{"title":false,"content":false,"excerpt":false}}},"_links":{"self":[{"href":"https:\/\/diasporasolidaria.org\/nl\/wp-json\/wp\/v2\/pages\/1856","targetHints":{"allow":["GET"]}}],"collection":[{"href":"https:\/\/diasporasolidaria.org\/nl\/wp-json\/wp\/v2\/pages"}],"about":[{"href":"https:\/\/diasporasolidaria.org\/nl\/wp-json\/wp\/v2\/types\/page"}],"author":[{"embeddable":true,"href":"https:\/\/diasporasolidaria.org\/nl\/wp-json\/wp\/v2\/users\/5"}],"replies":[{"embeddable":true,"href":"https:\/\/diasporasolidaria.org\/nl\/wp-json\/wp\/v2\/comments?post=1856"}],"version-history":[{"count":7,"href":"https:\/\/diasporasolidaria.org\/nl\/wp-json\/wp\/v2\/pages\/1856\/revisions"}],"predecessor-version":[{"id":2136,"href":"https:\/\/diasporasolidaria.org\/nl\/wp-json\/wp\/v2\/pages\/1856\/revisions\/2136"}],"wp:attachment":[{"href":"https:\/\/diasporasolidaria.org\/nl\/wp-json\/wp\/v2\/media?parent=1856"}],"curies":[{"name":"wp","href":"https:\/\/api.w.org\/{rel}","templated":true}]}}